{"id":15484,"date":"2018-12-24T14:34:54","date_gmt":"2018-12-24T12:34:54","guid":{"rendered":"https:\/\/vana.noff.ee\/?page_id=15484"},"modified":"2024-02-07T19:04:37","modified_gmt":"2024-02-07T17:04:37","slug":"lastehoid","status":"publish","type":"page","link":"https:\/\/vana.noff.ee\/en\/lastehoid\/","title":{"rendered":"(Eesti) Lastehoid"},"content":{"rendered":"<p>[vc_row css_animation=&#8221;&#8221; row_type=&#8221;row&#8221; use_row_as_full_screen_section=&#8221;no&#8221; type=&#8221;grid&#8221; angled_section=&#8221;no&#8221; text_align=&#8221;left&#8221; background_image_as_pattern=&#8221;without_pattern&#8221; background_color=&#8221;#ffffff&#8221; padding_top=&#8221;123&#8243; padding_bottom=&#8221;33&#8243;][vc_column width=&#8221;1\/2&#8243;][vc_single_image image=&#8221;15642&#8243; img_size=&#8221;full&#8221; alignment=&#8221;right&#8221; qode_css_animation=&#8221;element_from_fade&#8221; transition_delay=&#8221;0.3&#8243;][vc_separator type=&#8221;transparent&#8221; up=&#8221;73&#8243; down=&#8221;0&#8243;][\/vc_column][vc_column width=&#8221;1\/2&#8243;][vc_column_text]<\/p>\n<h3 style=\"text-align: left;\">RIDIRADIRALLA LASTEHOID<\/h3>\n<p>[\/vc_column_text][vc_separator type=&#8221;transparent&#8221; up=&#8221;29&#8243; down=&#8221;0&#8243;][vc_column_text]<\/p>\n<p style=\"text-align: left;\">V\u00e4ikeste inimeste t\u00f6\u00f6 on m\u00e4ngimine. Sul ei pea j\u00e4\u00e4ma filmifestivalil osalemine \u00e4ra seet\u00f5ttu, et Sinu p\u00f5nnile ei ole lapsehoidjat.<\/p>\n<p>&nbsp;<\/p>\n<div class=\"_1e-x _n4o\">\n<div class=\"_3_bl\">\n<div class=\"_5w1r _3_om _5wdf\">\n<div class=\"_4gx_\">\n<div class=\"_1aa6\"><span class=\"_5yl5\">Oodatud on k\u00f5ik lapsed ja lapsemeelsed <strong>7. m\u00e4rtsil<\/strong> ehk festivali teisel p\u00e4eval kella <strong>12.00-18.00 N\u00d6FF filmifestivali m\u00e4ngutuppa<\/strong>, mis asub Rapla Avatud Noortekeskuses. <\/span><\/div>\n<div><\/div>\n<div class=\"_1aa6\"><span class=\"_5yl5\">Lastega tegelevad kutselised lapsehoidjad ning teie saate rahulikult filmi nautida.\u00a0<\/span><\/div>\n<div><\/div>\n<div><\/div>\n<div>Lapsi r\u00f5\u00f5mustavad \u00fcllatus tegelased!<\/div>\n<div><\/div>\n<div class=\"_1aa6\"><span class=\"_5yl5\"><br \/>\n<strong>Lastehoid on TASUTA!<\/strong><\/span><\/div>\n<div class=\"_1aa6\"><span class=\"_5yl5\"><br \/>\nKontakt Janne Liidik<br \/>\ntel: +372 5904 7872<\/span><\/div>\n<div class=\"_1aa6\"><span class=\"_5yl5\">e-mail: janne@lastehoid.ee<br \/>\n<a href=\"http:\/\/www.lastehoid.ee\/?fbclid=IwAR3xpBoghmfasy4nHDvii72DHmkhloJUv_Lf_dJiE6zUS2CHf9wOhL-rjz0\" target=\"_blank\" rel=\"nofollow noopener\" data-lynx-mode=\"hover\" data-lynx-uri=\"https:\/\/l.facebook.com\/l.php?u=http%3A%2F%2Fwww.lastehoid.ee%2F%3Ffbclid%3DIwAR3xpBoghmfasy4nHDvii72DHmkhloJUv_Lf_dJiE6zUS2CHf9wOhL-rjz0&amp;h=AT39EVHZ9jDJjhRZHV1db4d-usKjNc_l10xyddj7XstGMPITn6k0z7NumCBPuGVZnmoFYC_hcjZSPIPiXVN105Tqb4Yg93J2rvag1900cwE1XcwHkOeDS6zzz8ZYLmCcbws\">www.lastehoid.ee<\/a><\/span><\/div>\n<\/div>\n<\/div>\n<\/div>\n<\/div>\n<div class=\"_3e7u _16ys _n4o _1a6y _6dm2\" data-testid=\"attachment_root\">\n<div class=\"_3_om _3cpq\">\n<div><\/div>\n<\/div>\n<\/div>\n<p>[\/vc_column_text][vc_separator type=&#8221;transparent&#8221; up=&#8221;35&#8243; down=&#8221;0&#8243;][vc_separator type=&#8221;transparent&#8221; up=&#8221;73&#8243; down=&#8221;0&#8243;][vc_empty_space][\/vc_column][\/vc_row]<\/p>\n","protected":false},"excerpt":{"rendered":"<p>[vc_row css_animation=&#8221;&#8221; row_type=&#8221;row&#8221; use_row_as_full_screen_section=&#8221;no&#8221; type=&#8221;grid&#8221; angled_section=&#8221;no&#8221; text_align=&#8221;left&#8221; background_image_as_pattern=&#8221;without_pattern&#8221; background_color=&#8221;#ffffff&#8221; padding_top=&#8221;123&#8243; padding_bottom=&#8221;33&#8243;][vc_column width=&#8221;1\/2&#8243;][vc_single_image image=&#8221;15642&#8243; img_size=&#8221;full&#8221; alignment=&#8221;right&#8221; qode_css_animation=&#8221;element_from_fade&#8221; transition_delay=&#8221;0.3&#8243;][vc_separator type=&#8221;transparent&#8221; up=&#8221;73&#8243; down=&#8221;0&#8243;][\/vc_column][vc_column width=&#8221;1\/2&#8243;][vc_column_text] RIDIRADIRALLA LASTEHOID [\/vc_column_text][vc_separator type=&#8221;transparent&#8221; up=&#8221;29&#8243; down=&#8221;0&#8243;][vc_column_text] V\u00e4ikeste inimeste t\u00f6\u00f6 on m\u00e4ngimine. Sul ei pea j\u00e4\u00e4ma filmifestivalil osalemine \u00e4ra seet\u00f5ttu, et Sinu p\u00f5nnile ei ole&#8230;<\/p>\n","protected":false},"author":2,"featured_media":17263,"parent":0,"menu_order":0,"comment_status":"closed","ping_status":"closed","template":"full_width.php","meta":{"inline_featured_image":false,"footnotes":""},"class_list":["post-15484","page","type-page","status-publish","has-post-thumbnail","hentry"],"acf":[],"yoast_head":"<!-- This site is optimized with the Yoast SEO plugin v21.7 - https:\/\/yoast.com\/wordpress\/plugins\/seo\/ -->\n<title>(Eesti) Lastehoid - N&ouml;ff<\/title>\n<meta name=\"description\" content=\"Oodatud on k\u00f5ik lapsed ja lapsemeelsed 9. m\u00e4rtsil ehk festivali teisel p\u00e4eval kella 12.00-18.00 N\u00d6FF filmifestivali m\u00e4ngutuppa\" \/>\n<meta name=\"robots\" content=\"noindex, follow, max-snippet:-1, max-image-preview:large, max-video-preview:-1\" \/>\n<meta property=\"og:locale\" content=\"en_US\" \/>\n<meta property=\"og:type\" content=\"article\" \/>\n<meta property=\"og:title\" content=\"(Eesti) Lastehoid - N&ouml;ff\" \/>\n<meta property=\"og:description\" content=\"Oodatud on k\u00f5ik lapsed ja lapsemeelsed 9. m\u00e4rtsil ehk festivali teisel p\u00e4eval kella 12.00-18.00 N\u00d6FF filmifestivali m\u00e4ngutuppa\" \/>\n<meta property=\"og:url\" content=\"https:\/\/vana.noff.ee\/lastehoid\/\" \/>\n<meta property=\"og:site_name\" content=\"N&ouml;ff\" \/>\n<meta property=\"article:modified_time\" content=\"2024-02-07T17:04:37+00:00\" \/>\n<meta property=\"og:image\" content=\"https:\/\/vana.noff.ee\/wp-content\/uploads\/2022\/02\/Janne-2-800x533.jpg\" \/>\n\t<meta property=\"og:image:width\" content=\"800\" \/>\n\t<meta property=\"og:image:height\" content=\"533\" \/>\n\t<meta property=\"og:image:type\" content=\"image\/jpeg\" \/>\n<meta name=\"twitter:card\" content=\"summary_large_image\" \/>\n<meta name=\"twitter:label1\" content=\"Est. reading time\" \/>\n\t<meta name=\"twitter:data1\" content=\"1 minute\" \/>\n<script type=\"application\/ld+json\" class=\"yoast-schema-graph\">{\"@context\":\"https:\/\/schema.org\",\"@graph\":[{\"@type\":\"WebPage\",\"@id\":\"https:\/\/vana.noff.ee\/lastehoid\/\",\"url\":\"https:\/\/vana.noff.ee\/lastehoid\/\",\"name\":\"(Eesti) Lastehoid - N&ouml;ff\",\"isPartOf\":{\"@id\":\"https:\/\/vana.noff.ee\/#website\"},\"datePublished\":\"2018-12-24T12:34:54+00:00\",\"dateModified\":\"2024-02-07T17:04:37+00:00\",\"description\":\"Oodatud on k\u00f5ik lapsed ja lapsemeelsed 9. m\u00e4rtsil ehk festivali teisel p\u00e4eval kella 12.00-18.00 N\u00d6FF filmifestivali m\u00e4ngutuppa\",\"inLanguage\":\"en-US\",\"potentialAction\":[{\"@type\":\"ReadAction\",\"target\":[\"https:\/\/vana.noff.ee\/lastehoid\/\"]}]},{\"@type\":\"WebSite\",\"@id\":\"https:\/\/vana.noff.ee\/#website\",\"url\":\"https:\/\/vana.noff.ee\/\",\"name\":\"N&ouml;ff\",\"description\":\"Naiste &ouml;&ouml;de filmifestival Raplas\",\"potentialAction\":[{\"@type\":\"SearchAction\",\"target\":{\"@type\":\"EntryPoint\",\"urlTemplate\":\"https:\/\/vana.noff.ee\/?s={search_term_string}\"},\"query-input\":\"required name=search_term_string\"}],\"inLanguage\":\"en-US\"}]}<\/script>\n<!-- \/ Yoast SEO plugin. -->","yoast_head_json":{"title":"(Eesti) Lastehoid - N&ouml;ff","description":"Oodatud on k\u00f5ik lapsed ja lapsemeelsed 9. m\u00e4rtsil ehk festivali teisel p\u00e4eval kella 12.00-18.00 N\u00d6FF filmifestivali m\u00e4ngutuppa","robots":{"index":"noindex","follow":"follow","max-snippet":"max-snippet:-1","max-image-preview":"max-image-preview:large","max-video-preview":"max-video-preview:-1"},"og_locale":"en_US","og_type":"article","og_title":"(Eesti) Lastehoid - N&ouml;ff","og_description":"Oodatud on k\u00f5ik lapsed ja lapsemeelsed 9. m\u00e4rtsil ehk festivali teisel p\u00e4eval kella 12.00-18.00 N\u00d6FF filmifestivali m\u00e4ngutuppa","og_url":"https:\/\/vana.noff.ee\/lastehoid\/","og_site_name":"N&ouml;ff","article_modified_time":"2024-02-07T17:04:37+00:00","og_image":[{"width":800,"height":533,"url":"https:\/\/vana.noff.ee\/wp-content\/uploads\/2022\/02\/Janne-2-800x533.jpg","type":"image\/jpeg"}],"twitter_card":"summary_large_image","twitter_misc":{"Est. reading time":"1 minute"},"schema":{"@context":"https:\/\/schema.org","@graph":[{"@type":"WebPage","@id":"https:\/\/vana.noff.ee\/lastehoid\/","url":"https:\/\/vana.noff.ee\/lastehoid\/","name":"(Eesti) Lastehoid - N&ouml;ff","isPartOf":{"@id":"https:\/\/vana.noff.ee\/#website"},"datePublished":"2018-12-24T12:34:54+00:00","dateModified":"2024-02-07T17:04:37+00:00","description":"Oodatud on k\u00f5ik lapsed ja lapsemeelsed 9. m\u00e4rtsil ehk festivali teisel p\u00e4eval kella 12.00-18.00 N\u00d6FF filmifestivali m\u00e4ngutuppa","inLanguage":"en-US","potentialAction":[{"@type":"ReadAction","target":["https:\/\/vana.noff.ee\/lastehoid\/"]}]},{"@type":"WebSite","@id":"https:\/\/vana.noff.ee\/#website","url":"https:\/\/vana.noff.ee\/","name":"N&ouml;ff","description":"Naiste &ouml;&ouml;de filmifestival Raplas","potentialAction":[{"@type":"SearchAction","target":{"@type":"EntryPoint","urlTemplate":"https:\/\/vana.noff.ee\/?s={search_term_string}"},"query-input":"required name=search_term_string"}],"inLanguage":"en-US"}]}},"_links":{"self":[{"href":"https:\/\/vana.noff.ee\/en\/wp-json\/wp\/v2\/pages\/15484","targetHints":{"allow":["GET"]}}],"collection":[{"href":"https:\/\/vana.noff.ee\/en\/wp-json\/wp\/v2\/pages"}],"about":[{"href":"https:\/\/vana.noff.ee\/en\/wp-json\/wp\/v2\/types\/page"}],"author":[{"embeddable":true,"href":"https:\/\/vana.noff.ee\/en\/wp-json\/wp\/v2\/users\/2"}],"replies":[{"embeddable":true,"href":"https:\/\/vana.noff.ee\/en\/wp-json\/wp\/v2\/comments?post=15484"}],"version-history":[{"count":39,"href":"https:\/\/vana.noff.ee\/en\/wp-json\/wp\/v2\/pages\/15484\/revisions"}],"predecessor-version":[{"id":18256,"href":"https:\/\/vana.noff.ee\/en\/wp-json\/wp\/v2\/pages\/15484\/revisions\/18256"}],"wp:featuredmedia":[{"embeddable":true,"href":"https:\/\/vana.noff.ee\/en\/wp-json\/wp\/v2\/media\/17263"}],"wp:attachment":[{"href":"https:\/\/vana.noff.ee\/en\/wp-json\/wp\/v2\/media?parent=15484"}],"curies":[{"name":"wp","href":"https:\/\/api.w.org\/{rel}","templated":true}]}}